{"id":1004,"date":"2019-01-14T16:02:35","date_gmt":"2019-01-14T15:02:35","guid":{"rendered":"https:\/\/www.entergislaved.se\/?post_type=kalender&#038;p=1004"},"modified":"2019-01-16T13:30:17","modified_gmt":"2019-01-16T12:30:17","slug":"jobbtraff-gislaved","status":"publish","type":"kalender","link":"https:\/\/www.entergislaved.se\/en\/kalender\/jobbtraff-gislaved\/","title":{"rendered":"Jobbtr\u00e4ff Gislaved"},"content":{"rendered":"<p>Jobbtr\u00e4ff Gislaved \u00e4r en m\u00f6tesplats som vill effektivisera matchningen mellan arbetstagare och\u00a0arbetsgivare samt lyfta in det sociala perspektivet om inkludering och minskat utanf\u00f6rskap. H\u00e4r kan f\u00f6retag tr\u00e4ffa arbetss\u00f6kande i ett personligt m\u00f6te l\u00e5ngt bort fr\u00e5n den digitala v\u00e4rlden som pr\u00e4glar dagens rekryteringar.<\/p>\n<p>Kommunens arbete f\u00f6r ett socialt h\u00e5llbart Gislaved har p\u00e5g\u00e5tt under en l\u00e4ngre tid och har under h\u00f6sten konkretiserats i ett samarbete med Leader V\u00e4stra Sm\u00e5land g\u00e4llande validering av icke formella kunskaper hos personer som idag lever i utanf\u00f6rskap. Kommunens anst\u00e4llda har d\u00e4rmed utbildats till valideringskonsulter inom en rad olika omr\u00e5den, vilket inneb\u00e4r att f\u00f6retag i behov av arbetskraft kan v\u00e4nda sig direkt till arbetsmarknadsorganisationen. Denna satsning och flera andra kommer att presenteras p\u00e5 Jobbtr\u00e4ffen.<\/p>\n<p>Vi kommer att erbjuda inspirerande f\u00f6rel\u00e4sningar, seminarier, jobbtorg, m\u00f6jlighet till anst\u00e4llningsintervjuer, speed-dating, m.m. Ett fullst\u00e4ndigt <a href=\"https:\/\/www.entergislaved.se\/wp-content\/uploads\/2019\/01\/Inbjudan-Jobbtraff-Gislaved-den-20-februari-2019.pdf\">program hittar du h\u00e4r.<\/a><\/p>\n<h5>Kontakt och anm\u00e4lan:<\/h5>\n<p>Jobbtr\u00e4ff Gislaved: <a href=\"mailto:interaction@leadervastrasmaland.se\">interaction@leadervastrasmaland.se<\/a> senast den 13 februari<\/p>\n<p>Kostnad monterplats 1000 kr\/utst\u00e4llare. I avgiften ing\u00e5r fm och em fika och lunch f\u00f6r 3 pers.<\/p>\n","protected":false},"featured_media":1005,"template":"","meta":{"_acf_changed":false},"class_list":["post-1004","kalender","type-kalender","status-publish","has-post-thumbnail","hentry"],"acf":[],"yoast_head":"<!-- This site is optimized with the Yoast SEO plugin v28.3 - https:\/\/yoast.com\/product\/yoast-seo-wordpress\/ -->\n<title>Jobbtr\u00e4ff Gislaved - Enter Gislaved<\/title>\n<meta name=\"description\" content=\"Jobbtr\u00e4ff Gislaved \u00e4r en m\u00f6tesplats som vill effektivisera matchningen mellan arbetstagare och\u00a0arbetsgivare samt lyfta in det sociala perspektivet om\" \/>\n<meta name=\"robots\" content=\"index, follow, max-snippet:-1, max-image-preview:large, max-video-preview:-1\" \/>\n<link rel=\"canonical\" href=\"https:\/\/www.entergislaved.se\/en\/kalender\/jobbtraff-gislaved\/\" \/>\n<meta property=\"og:locale\" content=\"en_US\" \/>\n<meta property=\"og:type\" content=\"article\" \/>\n<meta property=\"og:title\" content=\"Jobbtr\u00e4ff Gislaved - Enter Gislaved\" \/>\n<meta property=\"og:description\" content=\"Jobbtr\u00e4ff Gislaved \u00e4r en m\u00f6tesplats som vill effektivisera matchningen mellan arbetstagare och\u00a0arbetsgivare samt lyfta in det sociala perspektivet om\" \/>\n<meta property=\"og:url\" content=\"https:\/\/www.entergislaved.se\/en\/kalender\/jobbtraff-gislaved\/\" \/>\n<meta property=\"og:site_name\" content=\"Enter Gislaved\" \/>\n<meta property=\"article:modified_time\" content=\"2019-01-16T12:30:17+00:00\" \/>\n<meta property=\"og:image\" content=\"https:\/\/www.entergislaved.se\/wp-content\/uploads\/2019\/01\/Save-the-date-Jobbtraff-Gislaved.jpg\" \/>\n\t<meta property=\"og:image:width\" content=\"842\" \/>\n\t<meta property=\"og:image:height\" content=\"595\" \/>\n\t<meta property=\"og:image:type\" content=\"image\/jpeg\" \/>\n<meta name=\"twitter:card\" content=\"summary_large_image\" \/>\n<meta name=\"twitter:label1\" content=\"Est. reading time\" \/>\n\t<meta name=\"twitter:data1\" content=\"1 minute\" \/>\n<script type=\"application\/ld+json\" class=\"yoast-schema-graph\">{\"@context\":\"https:\\\/\\\/schema.org\",\"@graph\":[{\"@type\":\"WebPage\",\"@id\":\"https:\\\/\\\/www.entergislaved.se\\\/en\\\/kalender\\\/jobbtraff-gislaved\\\/\",\"url\":\"https:\\\/\\\/www.entergislaved.se\\\/en\\\/kalender\\\/jobbtraff-gislaved\\\/\",\"name\":\"Jobbtr\u00e4ff Gislaved - Enter Gislaved\",\"isPartOf\":{\"@id\":\"https:\\\/\\\/www.entergislaved.se\\\/en\\\/#website\"},\"primaryImageOfPage\":{\"@id\":\"https:\\\/\\\/www.entergislaved.se\\\/en\\\/kalender\\\/jobbtraff-gislaved\\\/#primaryimage\"},\"image\":{\"@id\":\"https:\\\/\\\/www.entergislaved.se\\\/en\\\/kalender\\\/jobbtraff-gislaved\\\/#primaryimage\"},\"thumbnailUrl\":\"https:\\\/\\\/www.entergislaved.se\\\/wp-content\\\/uploads\\\/2019\\\/01\\\/Save-the-date-Jobbtraff-Gislaved.jpg\",\"datePublished\":\"2019-01-14T15:02:35+00:00\",\"dateModified\":\"2019-01-16T12:30:17+00:00\",\"description\":\"Jobbtr\u00e4ff Gislaved \u00e4r en m\u00f6tesplats som vill effektivisera matchningen mellan arbetstagare och\u00a0arbetsgivare samt lyfta in det sociala perspektivet om\",\"breadcrumb\":{\"@id\":\"https:\\\/\\\/www.entergislaved.se\\\/en\\\/kalender\\\/jobbtraff-gislaved\\\/#breadcrumb\"},\"inLanguage\":\"en-US\",\"potentialAction\":[{\"@type\":\"ReadAction\",\"target\":[\"https:\\\/\\\/www.entergislaved.se\\\/en\\\/kalender\\\/jobbtraff-gislaved\\\/\"]}]},{\"@type\":\"ImageObject\",\"inLanguage\":\"en-US\",\"@id\":\"https:\\\/\\\/www.entergislaved.se\\\/en\\\/kalender\\\/jobbtraff-gislaved\\\/#primaryimage\",\"url\":\"https:\\\/\\\/www.entergislaved.se\\\/wp-content\\\/uploads\\\/2019\\\/01\\\/Save-the-date-Jobbtraff-Gislaved.jpg\",\"contentUrl\":\"https:\\\/\\\/www.entergislaved.se\\\/wp-content\\\/uploads\\\/2019\\\/01\\\/Save-the-date-Jobbtraff-Gislaved.jpg\",\"width\":842,\"height\":595,\"caption\":\"Inbjudan Jobbtr\u00e4ff Gislaved den 20 februari 2019\"},{\"@type\":\"BreadcrumbList\",\"@id\":\"https:\\\/\\\/www.entergislaved.se\\\/en\\\/kalender\\\/jobbtraff-gislaved\\\/#breadcrumb\",\"itemListElement\":[{\"@type\":\"ListItem\",\"position\":1,\"name\":\"Kalender\",\"item\":\"https:\\\/\\\/www.entergislaved.se\\\/en\\\/arkiv-kalender\\\/\"},{\"@type\":\"ListItem\",\"position\":2,\"name\":\"Jobbtr\u00e4ff Gislaved\"}]},{\"@type\":\"WebSite\",\"@id\":\"https:\\\/\\\/www.entergislaved.se\\\/en\\\/#website\",\"url\":\"https:\\\/\\\/www.entergislaved.se\\\/en\\\/\",\"name\":\"Enter Gislaved\",\"description\":\"Till din tj\u00e4nst\",\"potentialAction\":[{\"@type\":\"SearchAction\",\"target\":{\"@type\":\"EntryPoint\",\"urlTemplate\":\"https:\\\/\\\/www.entergislaved.se\\\/en\\\/?s={search_term_string}\"},\"query-input\":{\"@type\":\"PropertyValueSpecification\",\"valueRequired\":true,\"valueName\":\"search_term_string\"}}],\"inLanguage\":\"en-US\"}]}<\/script>\n<!-- \/ Yoast SEO plugin. -->","yoast_head_json":{"title":"Jobbtr\u00e4ff Gislaved - Enter Gislaved","description":"Jobbtr\u00e4ff Gislaved \u00e4r en m\u00f6tesplats som vill effektivisera matchningen mellan arbetstagare och\u00a0arbetsgivare samt lyfta in det sociala perspektivet om","robots":{"index":"index","follow":"follow","max-snippet":"max-snippet:-1","max-image-preview":"max-image-preview:large","max-video-preview":"max-video-preview:-1"},"canonical":"https:\/\/www.entergislaved.se\/en\/kalender\/jobbtraff-gislaved\/","og_locale":"en_US","og_type":"article","og_title":"Jobbtr\u00e4ff Gislaved - Enter Gislaved","og_description":"Jobbtr\u00e4ff Gislaved \u00e4r en m\u00f6tesplats som vill effektivisera matchningen mellan arbetstagare och\u00a0arbetsgivare samt lyfta in det sociala perspektivet om","og_url":"https:\/\/www.entergislaved.se\/en\/kalender\/jobbtraff-gislaved\/","og_site_name":"Enter Gislaved","article_modified_time":"2019-01-16T12:30:17+00:00","og_image":[{"width":842,"height":595,"url":"https:\/\/www.entergislaved.se\/wp-content\/uploads\/2019\/01\/Save-the-date-Jobbtraff-Gislaved.jpg","type":"image\/jpeg"}],"twitter_card":"summary_large_image","twitter_misc":{"Est. reading time":"1 minute"},"schema":{"@context":"https:\/\/schema.org","@graph":[{"@type":"WebPage","@id":"https:\/\/www.entergislaved.se\/en\/kalender\/jobbtraff-gislaved\/","url":"https:\/\/www.entergislaved.se\/en\/kalender\/jobbtraff-gislaved\/","name":"Jobbtr\u00e4ff Gislaved - Enter Gislaved","isPartOf":{"@id":"https:\/\/www.entergislaved.se\/en\/#website"},"primaryImageOfPage":{"@id":"https:\/\/www.entergislaved.se\/en\/kalender\/jobbtraff-gislaved\/#primaryimage"},"image":{"@id":"https:\/\/www.entergislaved.se\/en\/kalender\/jobbtraff-gislaved\/#primaryimage"},"thumbnailUrl":"https:\/\/www.entergislaved.se\/wp-content\/uploads\/2019\/01\/Save-the-date-Jobbtraff-Gislaved.jpg","datePublished":"2019-01-14T15:02:35+00:00","dateModified":"2019-01-16T12:30:17+00:00","description":"Jobbtr\u00e4ff Gislaved \u00e4r en m\u00f6tesplats som vill effektivisera matchningen mellan arbetstagare och\u00a0arbetsgivare samt lyfta in det sociala perspektivet om","breadcrumb":{"@id":"https:\/\/www.entergislaved.se\/en\/kalender\/jobbtraff-gislaved\/#breadcrumb"},"inLanguage":"en-US","potentialAction":[{"@type":"ReadAction","target":["https:\/\/www.entergislaved.se\/en\/kalender\/jobbtraff-gislaved\/"]}]},{"@type":"ImageObject","inLanguage":"en-US","@id":"https:\/\/www.entergislaved.se\/en\/kalender\/jobbtraff-gislaved\/#primaryimage","url":"https:\/\/www.entergislaved.se\/wp-content\/uploads\/2019\/01\/Save-the-date-Jobbtraff-Gislaved.jpg","contentUrl":"https:\/\/www.entergislaved.se\/wp-content\/uploads\/2019\/01\/Save-the-date-Jobbtraff-Gislaved.jpg","width":842,"height":595,"caption":"Inbjudan Jobbtr\u00e4ff Gislaved den 20 februari 2019"},{"@type":"BreadcrumbList","@id":"https:\/\/www.entergislaved.se\/en\/kalender\/jobbtraff-gislaved\/#breadcrumb","itemListElement":[{"@type":"ListItem","position":1,"name":"Kalender","item":"https:\/\/www.entergislaved.se\/en\/arkiv-kalender\/"},{"@type":"ListItem","position":2,"name":"Jobbtr\u00e4ff Gislaved"}]},{"@type":"WebSite","@id":"https:\/\/www.entergislaved.se\/en\/#website","url":"https:\/\/www.entergislaved.se\/en\/","name":"Enter Gislaved","description":"Till din tj\u00e4nst","potentialAction":[{"@type":"SearchAction","target":{"@type":"EntryPoint","urlTemplate":"https:\/\/www.entergislaved.se\/en\/?s={search_term_string}"},"query-input":{"@type":"PropertyValueSpecification","valueRequired":true,"valueName":"search_term_string"}}],"inLanguage":"en-US"}]}},"_links":{"self":[{"href":"https:\/\/www.entergislaved.se\/en\/wp-json\/wp\/v2\/kalender\/1004","targetHints":{"allow":["GET"]}}],"collection":[{"href":"https:\/\/www.entergislaved.se\/en\/wp-json\/wp\/v2\/kalender"}],"about":[{"href":"https:\/\/www.entergislaved.se\/en\/wp-json\/wp\/v2\/types\/kalender"}],"wp:featuredmedia":[{"embeddable":true,"href":"https:\/\/www.entergislaved.se\/en\/wp-json\/wp\/v2\/media\/1005"}],"wp:attachment":[{"href":"https:\/\/www.entergislaved.se\/en\/wp-json\/wp\/v2\/media?parent=1004"}],"curies":[{"name":"wp","href":"https:\/\/api.w.org\/{rel}","templated":true}]}}