{"id":1759,"date":"2019-09-23T14:09:00","date_gmt":"2019-09-23T12:09:00","guid":{"rendered":"https:\/\/www.entergislaved.se\/?post_type=kalender&#038;p=1759"},"modified":"2019-10-29T10:08:58","modified_gmt":"2019-10-29T09:08:58","slug":"godstransport-pa-jarnvag-stationsomradet-i-smalandsstenar","status":"publish","type":"kalender","link":"https:\/\/www.entergislaved.se\/en\/kalender\/godstransport-pa-jarnvag-stationsomradet-i-smalandsstenar\/","title":{"rendered":"Godstransport p\u00e5 j\u00e4rnv\u00e4g -Stationsomr\u00e5det i Sm\u00e5landsstenar"},"content":{"rendered":"<h5>V\u00e4lkommen till ett konkret frukostm\u00f6te d\u00e4r vi med \u00f6ppen dialog och h\u00f6gt i tak dissekerar fr\u00e5gan: Godstrafik p\u00e5 j\u00e4rnv\u00e4g, vill vi ha det eller ej?<\/h5>\n<p>&nbsp;<\/p>\n<p>Enter har tillsammans med kommunen, Trafikverket, Nordic Bulkers och Trioplast arbetat under l\u00e4ngre tid f\u00f6r att f\u00e5 rullande godstrafikt\u00e5g p\u00e5 stationsomr\u00e5det i Sm\u00e5landsstenar. Detta skulle vara ett instegssp\u00e5r inf\u00f6r arbetet med omlastningscentralen p\u00e5 s\u00f6dra industriomr\u00e5det i Sm\u00e5landsstenar. Efter n\u00e5gra \u00e5r av arbete och m\u00e5nga samtal och m\u00f6ten, st\u00e5r vi inf\u00f6r ett faktum att godstransport p\u00e5 j\u00e4rnv\u00e4g kr\u00e4ver mer volym och fler f\u00f6retag involverade. D\u00e4rav bjuder vi in till detta frukostm\u00f6te f\u00f6r att g\u00e5 igenom situationen och diskutera bland annat dessa fr\u00e5gor.<\/p>\n<ul>\n<li>Finns det verkligen ett intresse och behov hos f\u00f6retag i kommunen att anv\u00e4nda j\u00e4rnv\u00e4gen f\u00f6r godstransporterna och hur l\u00e5ng \u00e4r omst\u00e4llningstiden?<\/li>\n<li>Om det finns, finns det volym och r\u00e4cker den f\u00f6r eventuell etablering av en akt\u00f6r p\u00e5 stationsomr\u00e5det? (Nordic Bulkers kommer vara n\u00e4rvarande p\u00e5 m\u00f6tet)<\/li>\n<li>Hur aktuellt \u00e4r det med en omlastningscentral p\u00e5 s\u00f6dra industriomr\u00e5det om det inte finns volymer nog f\u00f6r godstrafiken p\u00e5 j\u00e4rnv\u00e4g vid Sm\u00e5landsstenar stationsomr\u00e5de?<\/li>\n<li>Logistik \u00e4r en stor fr\u00e5ga f\u00f6r f\u00f6retagen, hur ska vi hantera fr\u00e5gan och vilka andra m\u00f6jligheter ser ni kring logistiken? Kreativa inspel och diskussioner \u00e4r viktiga.<\/li>\n<\/ul>\n<p>N\u00e4r: 1\/11 2019 frukost serveras 07.30, m\u00f6te 08.00-09.30<br \/>\nVar:\u00a0Hotell Sm\u00e5landsstenar<\/p>\n<p><strong><a href=\"https:\/\/documentcloud.adobe.com\/link\/track?uri=urn%3Aaaid%3Ascds%3AUS%3Ab2ea7561-7e18-4a08-9423-94ba928d8821\">DAGENS PROGRAM<\/a><\/strong><\/p>\n<p>ANM\u00c4LAN \u00c4R ST\u00c4NGD<\/p>\n<p>&nbsp;<\/p>\n","protected":false},"featured_media":1760,"template":"","meta":{"_acf_changed":false},"class_list":["post-1759","kalender","type-kalender","status-publish","has-post-thumbnail","hentry"],"acf":[],"yoast_head":"<!-- This site is optimized with the Yoast SEO plugin v28.3 - https:\/\/yoast.com\/product\/yoast-seo-wordpress\/ -->\n<title>Godstransport p\u00e5 j\u00e4rnv\u00e4g -Stationsomr\u00e5det i Sm\u00e5landsstenar - Enter Gislaved<\/title>\n<meta name=\"description\" content=\"V\u00e4lkommen till ett konkret frukostm\u00f6te d\u00e4r vi med \u00f6ppen dialog och h\u00f6gt i tak dissekerar fr\u00e5gan: Godstrafik p\u00e5 j\u00e4rnv\u00e4g, vill vi ha det eller ej? &nbsp;\" \/>\n<meta name=\"robots\" content=\"index, follow, max-snippet:-1, max-image-preview:large, max-video-preview:-1\" \/>\n<link rel=\"canonical\" href=\"https:\/\/www.entergislaved.se\/en\/kalender\/godstransport-pa-jarnvag-stationsomradet-i-smalandsstenar\/\" \/>\n<meta property=\"og:locale\" content=\"en_US\" \/>\n<meta property=\"og:type\" content=\"article\" \/>\n<meta property=\"og:title\" content=\"Godstransport p\u00e5 j\u00e4rnv\u00e4g -Stationsomr\u00e5det i Sm\u00e5landsstenar - Enter Gislaved\" \/>\n<meta property=\"og:description\" content=\"V\u00e4lkommen till ett konkret frukostm\u00f6te d\u00e4r vi med \u00f6ppen dialog och h\u00f6gt i tak dissekerar fr\u00e5gan: Godstrafik p\u00e5 j\u00e4rnv\u00e4g, vill vi ha det eller ej? &nbsp;\" \/>\n<meta property=\"og:url\" content=\"https:\/\/www.entergislaved.se\/en\/kalender\/godstransport-pa-jarnvag-stationsomradet-i-smalandsstenar\/\" \/>\n<meta property=\"og:site_name\" content=\"Enter Gislaved\" \/>\n<meta property=\"article:modified_time\" content=\"2019-10-29T09:08:58+00:00\" \/>\n<meta property=\"og:image\" content=\"https:\/\/www.entergislaved.se\/wp-content\/uploads\/2019\/09\/godstag.jpg\" \/>\n\t<meta property=\"og:image:width\" content=\"1920\" \/>\n\t<meta property=\"og:image:height\" content=\"1440\" \/>\n\t<meta property=\"og:image:type\" content=\"image\/jpeg\" \/>\n<meta name=\"twitter:card\" content=\"summary_large_image\" \/>\n<meta name=\"twitter:label1\" content=\"Est. reading time\" \/>\n\t<meta name=\"twitter:data1\" content=\"1 minute\" \/>\n<script type=\"application\/ld+json\" class=\"yoast-schema-graph\">{\"@context\":\"https:\\\/\\\/schema.org\",\"@graph\":[{\"@type\":\"WebPage\",\"@id\":\"https:\\\/\\\/www.entergislaved.se\\\/en\\\/kalender\\\/godstransport-pa-jarnvag-stationsomradet-i-smalandsstenar\\\/\",\"url\":\"https:\\\/\\\/www.entergislaved.se\\\/en\\\/kalender\\\/godstransport-pa-jarnvag-stationsomradet-i-smalandsstenar\\\/\",\"name\":\"Godstransport p\u00e5 j\u00e4rnv\u00e4g -Stationsomr\u00e5det i Sm\u00e5landsstenar - Enter Gislaved\",\"isPartOf\":{\"@id\":\"https:\\\/\\\/www.entergislaved.se\\\/en\\\/#website\"},\"primaryImageOfPage\":{\"@id\":\"https:\\\/\\\/www.entergislaved.se\\\/en\\\/kalender\\\/godstransport-pa-jarnvag-stationsomradet-i-smalandsstenar\\\/#primaryimage\"},\"image\":{\"@id\":\"https:\\\/\\\/www.entergislaved.se\\\/en\\\/kalender\\\/godstransport-pa-jarnvag-stationsomradet-i-smalandsstenar\\\/#primaryimage\"},\"thumbnailUrl\":\"https:\\\/\\\/www.entergislaved.se\\\/wp-content\\\/uploads\\\/2019\\\/09\\\/godstag.jpg\",\"datePublished\":\"2019-09-23T12:09:00+00:00\",\"dateModified\":\"2019-10-29T09:08:58+00:00\",\"description\":\"V\u00e4lkommen till ett konkret frukostm\u00f6te d\u00e4r vi med \u00f6ppen dialog och h\u00f6gt i tak dissekerar fr\u00e5gan: Godstrafik p\u00e5 j\u00e4rnv\u00e4g, vill vi ha det eller ej? &nbsp;\",\"breadcrumb\":{\"@id\":\"https:\\\/\\\/www.entergislaved.se\\\/en\\\/kalender\\\/godstransport-pa-jarnvag-stationsomradet-i-smalandsstenar\\\/#breadcrumb\"},\"inLanguage\":\"en-US\",\"potentialAction\":[{\"@type\":\"ReadAction\",\"target\":[\"https:\\\/\\\/www.entergislaved.se\\\/en\\\/kalender\\\/godstransport-pa-jarnvag-stationsomradet-i-smalandsstenar\\\/\"]}]},{\"@type\":\"ImageObject\",\"inLanguage\":\"en-US\",\"@id\":\"https:\\\/\\\/www.entergislaved.se\\\/en\\\/kalender\\\/godstransport-pa-jarnvag-stationsomradet-i-smalandsstenar\\\/#primaryimage\",\"url\":\"https:\\\/\\\/www.entergislaved.se\\\/wp-content\\\/uploads\\\/2019\\\/09\\\/godstag.jpg\",\"contentUrl\":\"https:\\\/\\\/www.entergislaved.se\\\/wp-content\\\/uploads\\\/2019\\\/09\\\/godstag.jpg\",\"width\":1920,\"height\":1440,\"caption\":\"Godst\u00e5g\"},{\"@type\":\"BreadcrumbList\",\"@id\":\"https:\\\/\\\/www.entergislaved.se\\\/en\\\/kalender\\\/godstransport-pa-jarnvag-stationsomradet-i-smalandsstenar\\\/#breadcrumb\",\"itemListElement\":[{\"@type\":\"ListItem\",\"position\":1,\"name\":\"Kalender\",\"item\":\"https:\\\/\\\/www.entergislaved.se\\\/en\\\/arkiv-kalender\\\/\"},{\"@type\":\"ListItem\",\"position\":2,\"name\":\"Godstransport p\u00e5 j\u00e4rnv\u00e4g -Stationsomr\u00e5det i Sm\u00e5landsstenar\"}]},{\"@type\":\"WebSite\",\"@id\":\"https:\\\/\\\/www.entergislaved.se\\\/en\\\/#website\",\"url\":\"https:\\\/\\\/www.entergislaved.se\\\/en\\\/\",\"name\":\"Enter Gislaved\",\"description\":\"Till din tj\u00e4nst\",\"potentialAction\":[{\"@type\":\"SearchAction\",\"target\":{\"@type\":\"EntryPoint\",\"urlTemplate\":\"https:\\\/\\\/www.entergislaved.se\\\/en\\\/?s={search_term_string}\"},\"query-input\":{\"@type\":\"PropertyValueSpecification\",\"valueRequired\":true,\"valueName\":\"search_term_string\"}}],\"inLanguage\":\"en-US\"}]}<\/script>\n<!-- \/ Yoast SEO plugin. -->","yoast_head_json":{"title":"Godstransport p\u00e5 j\u00e4rnv\u00e4g -Stationsomr\u00e5det i Sm\u00e5landsstenar - Enter Gislaved","description":"V\u00e4lkommen till ett konkret frukostm\u00f6te d\u00e4r vi med \u00f6ppen dialog och h\u00f6gt i tak dissekerar fr\u00e5gan: Godstrafik p\u00e5 j\u00e4rnv\u00e4g, vill vi ha det eller ej? &nbsp;","robots":{"index":"index","follow":"follow","max-snippet":"max-snippet:-1","max-image-preview":"max-image-preview:large","max-video-preview":"max-video-preview:-1"},"canonical":"https:\/\/www.entergislaved.se\/en\/kalender\/godstransport-pa-jarnvag-stationsomradet-i-smalandsstenar\/","og_locale":"en_US","og_type":"article","og_title":"Godstransport p\u00e5 j\u00e4rnv\u00e4g -Stationsomr\u00e5det i Sm\u00e5landsstenar - Enter Gislaved","og_description":"V\u00e4lkommen till ett konkret frukostm\u00f6te d\u00e4r vi med \u00f6ppen dialog och h\u00f6gt i tak dissekerar fr\u00e5gan: Godstrafik p\u00e5 j\u00e4rnv\u00e4g, vill vi ha det eller ej? &nbsp;","og_url":"https:\/\/www.entergislaved.se\/en\/kalender\/godstransport-pa-jarnvag-stationsomradet-i-smalandsstenar\/","og_site_name":"Enter Gislaved","article_modified_time":"2019-10-29T09:08:58+00:00","og_image":[{"width":1920,"height":1440,"url":"https:\/\/www.entergislaved.se\/wp-content\/uploads\/2019\/09\/godstag.jpg","type":"image\/jpeg"}],"twitter_card":"summary_large_image","twitter_misc":{"Est. reading time":"1 minute"},"schema":{"@context":"https:\/\/schema.org","@graph":[{"@type":"WebPage","@id":"https:\/\/www.entergislaved.se\/en\/kalender\/godstransport-pa-jarnvag-stationsomradet-i-smalandsstenar\/","url":"https:\/\/www.entergislaved.se\/en\/kalender\/godstransport-pa-jarnvag-stationsomradet-i-smalandsstenar\/","name":"Godstransport p\u00e5 j\u00e4rnv\u00e4g -Stationsomr\u00e5det i Sm\u00e5landsstenar - Enter Gislaved","isPartOf":{"@id":"https:\/\/www.entergislaved.se\/en\/#website"},"primaryImageOfPage":{"@id":"https:\/\/www.entergislaved.se\/en\/kalender\/godstransport-pa-jarnvag-stationsomradet-i-smalandsstenar\/#primaryimage"},"image":{"@id":"https:\/\/www.entergislaved.se\/en\/kalender\/godstransport-pa-jarnvag-stationsomradet-i-smalandsstenar\/#primaryimage"},"thumbnailUrl":"https:\/\/www.entergislaved.se\/wp-content\/uploads\/2019\/09\/godstag.jpg","datePublished":"2019-09-23T12:09:00+00:00","dateModified":"2019-10-29T09:08:58+00:00","description":"V\u00e4lkommen till ett konkret frukostm\u00f6te d\u00e4r vi med \u00f6ppen dialog och h\u00f6gt i tak dissekerar fr\u00e5gan: Godstrafik p\u00e5 j\u00e4rnv\u00e4g, vill vi ha det eller ej? &nbsp;","breadcrumb":{"@id":"https:\/\/www.entergislaved.se\/en\/kalender\/godstransport-pa-jarnvag-stationsomradet-i-smalandsstenar\/#breadcrumb"},"inLanguage":"en-US","potentialAction":[{"@type":"ReadAction","target":["https:\/\/www.entergislaved.se\/en\/kalender\/godstransport-pa-jarnvag-stationsomradet-i-smalandsstenar\/"]}]},{"@type":"ImageObject","inLanguage":"en-US","@id":"https:\/\/www.entergislaved.se\/en\/kalender\/godstransport-pa-jarnvag-stationsomradet-i-smalandsstenar\/#primaryimage","url":"https:\/\/www.entergislaved.se\/wp-content\/uploads\/2019\/09\/godstag.jpg","contentUrl":"https:\/\/www.entergislaved.se\/wp-content\/uploads\/2019\/09\/godstag.jpg","width":1920,"height":1440,"caption":"Godst\u00e5g"},{"@type":"BreadcrumbList","@id":"https:\/\/www.entergislaved.se\/en\/kalender\/godstransport-pa-jarnvag-stationsomradet-i-smalandsstenar\/#breadcrumb","itemListElement":[{"@type":"ListItem","position":1,"name":"Kalender","item":"https:\/\/www.entergislaved.se\/en\/arkiv-kalender\/"},{"@type":"ListItem","position":2,"name":"Godstransport p\u00e5 j\u00e4rnv\u00e4g -Stationsomr\u00e5det i Sm\u00e5landsstenar"}]},{"@type":"WebSite","@id":"https:\/\/www.entergislaved.se\/en\/#website","url":"https:\/\/www.entergislaved.se\/en\/","name":"Enter Gislaved","description":"Till din tj\u00e4nst","potentialAction":[{"@type":"SearchAction","target":{"@type":"EntryPoint","urlTemplate":"https:\/\/www.entergislaved.se\/en\/?s={search_term_string}"},"query-input":{"@type":"PropertyValueSpecification","valueRequired":true,"valueName":"search_term_string"}}],"inLanguage":"en-US"}]}},"_links":{"self":[{"href":"https:\/\/www.entergislaved.se\/en\/wp-json\/wp\/v2\/kalender\/1759","targetHints":{"allow":["GET"]}}],"collection":[{"href":"https:\/\/www.entergislaved.se\/en\/wp-json\/wp\/v2\/kalender"}],"about":[{"href":"https:\/\/www.entergislaved.se\/en\/wp-json\/wp\/v2\/types\/kalender"}],"wp:featuredmedia":[{"embeddable":true,"href":"https:\/\/www.entergislaved.se\/en\/wp-json\/wp\/v2\/media\/1760"}],"wp:attachment":[{"href":"https:\/\/www.entergislaved.se\/en\/wp-json\/wp\/v2\/media?parent=1759"}],"curies":[{"name":"wp","href":"https:\/\/api.w.org\/{rel}","templated":true}]}}