{"id":937,"date":"2018-11-16T13:09:45","date_gmt":"2018-11-16T12:09:45","guid":{"rendered":"https:\/\/www.entergislaved.se\/?post_type=kalender&#038;p=937"},"modified":"2018-11-16T13:09:45","modified_gmt":"2018-11-16T12:09:45","slug":"forenkla-vardagen-kring-gdpr-och-kommunikation","status":"publish","type":"kalender","link":"https:\/\/www.entergislaved.se\/en\/kalender\/forenkla-vardagen-kring-gdpr-och-kommunikation\/","title":{"rendered":"F\u00f6renkla vardagen kring GDPR och kommunikation"},"content":{"rendered":"<p style=\"margin: 4.5pt 0cm 4.5pt 0cm;\"><strong><span style=\"font-family: 'Arial',sans-serif;\">Tr\u00e4ffa fyra f\u00f6retag \u00f6ver en frukost och h\u00f6r hur deras produkter och tj\u00e4nster kan f\u00f6renkla vardagen kring\u00a0GDPR och kommunikation\u00a0f\u00f6r dig och ditt f\u00f6retag. De \u00e4r specialister inom sina omr\u00e5den:<\/span><\/strong><\/p>\n<p style=\"margin: 4.5pt 0cm 4.5pt 0cm;\"><b><br \/>\n<\/b><strong><span style=\"font-family: 'Arial',sans-serif;\">Qnister <\/span><\/strong>levererar produkter och tj\u00e4nster som g\u00f6r personuppgiftshantering enkelt. GDPR \u00e4r nu en lag att leva med och hur g\u00f6r vi det enklast? Och vad har h\u00e4nt sedan 25 maj?<\/p>\n<p style=\"margin: 4.5pt 0cm 4.5pt 0cm;\"><strong><span style=\"font-family: 'Arial',sans-serif;\">Datea\u00a0<\/span><\/strong>gjorde professionell IT tillg\u00e4nglig f\u00f6r f\u00f6retag redan 1997. Idag \u00e4r Datea en av de ledande IT-f\u00f6retagen i regionen och kommer kort presentera vilka tj\u00e4nster dom kan erbjuda dig och ditt f\u00f6retag.<\/p>\n<p style=\"margin: 4.5pt 0cm 4.5pt 0cm;\"><strong><span style=\"font-family: 'Arial',sans-serif;\">Telavox\u00a0<\/span><\/strong>har ett mycket n\u00e4ra samarbete med Datea och kommer presentera hur du och ditt f\u00f6retag kan spara tid och pengar med r\u00e4tt v\u00e4xel- och telefonil\u00f6sning.<\/p>\n<p style=\"margin: 4.5pt 0cm 12.0pt 0cm;\"><strong><span style=\"font-family: 'Arial',sans-serif;\">KEYnet <\/span><\/strong>g\u00f6r information tillg\u00e4ngligt, och kommer prata projekthantering, effektivt och smart tillsammans med dokumenthantering.<\/p>\n<p>Ta med dina fr\u00e5gor och funderingar.\u00a0De bjuder p\u00e5 frukost!<\/p>\n<p style=\"margin: 4.5pt 0cm 4.5pt 0cm;\">Datum:\u00a0<strong><span style=\"font-family: 'Arial',sans-serif;\">27\/11\u00a0<\/span><\/strong>i Gnosj\u00f6, alt. <strong><span style=\"font-family: 'Arial',sans-serif;\">28\/11 <\/span><\/strong>i Gislaved<\/p>\n<p style=\"margin: 4.5pt 0cm 4.5pt 0cm;\">Tid: <strong><span style=\"font-family: 'Arial',sans-serif;\">7.30-9.00<\/span><\/strong><\/p>\n<p style=\"margin: 4.5pt 0cm 4.5pt 0cm;\">Plats: <strong><span style=\"font-family: 'Arial',sans-serif;\">Restaurang K\u00f6ket\u00a0<\/span><\/strong>i Gnosj\u00f6, och <strong><span style=\"font-family: 'Arial',sans-serif;\">Hotell Nissastigen\u00a0<\/span><\/strong>i Gislaved<\/p>\n<p style=\"margin: 4.5pt 0cm 4.5pt 0cm;\">\n<p style=\"margin: 4.5pt 0cm 4.5pt 0cm;\">Begr\u00e4nsat antal platser. Anm\u00e4lan senast 23 november till:\u00a0<a href=\"mailto:marknad@qnister.com\" target=\"_blank\" rel=\"noopener\"><span style=\"color: #ed6a53;\"><br \/>\nmarknad@qnister.com<\/span><\/a><\/p>\n<p style=\"margin: 4.5pt 0cm 4.5pt 0cm;\">Gl\u00f6m inte meddela vilken av tillf\u00e4llena du anm\u00e4ler dig till.<\/p>\n","protected":false},"featured_media":0,"template":"","meta":{"_acf_changed":false},"class_list":["post-937","kalender","type-kalender","status-publish","hentry"],"acf":[],"yoast_head":"<!-- This site is optimized with the Yoast SEO plugin v28.3 - https:\/\/yoast.com\/product\/yoast-seo-wordpress\/ -->\n<title>F\u00f6renkla vardagen kring GDPR och kommunikation - Enter Gislaved<\/title>\n<meta name=\"description\" content=\"Tr\u00e4ffa fyra f\u00f6retag \u00f6ver en frukost och h\u00f6r hur deras produkter och tj\u00e4nster kan f\u00f6renkla vardagen kring\u00a0GDPR och kommunikation\u00a0f\u00f6r dig och ditt f\u00f6retag.\" \/>\n<meta name=\"robots\" content=\"index, follow, max-snippet:-1, max-image-preview:large, max-video-preview:-1\" \/>\n<link rel=\"canonical\" href=\"https:\/\/www.entergislaved.se\/en\/kalender\/forenkla-vardagen-kring-gdpr-och-kommunikation\/\" \/>\n<meta property=\"og:locale\" content=\"en_US\" \/>\n<meta property=\"og:type\" content=\"article\" \/>\n<meta property=\"og:title\" content=\"F\u00f6renkla vardagen kring GDPR och kommunikation - Enter Gislaved\" \/>\n<meta property=\"og:description\" content=\"Tr\u00e4ffa fyra f\u00f6retag \u00f6ver en frukost och h\u00f6r hur deras produkter och tj\u00e4nster kan f\u00f6renkla vardagen kring\u00a0GDPR och kommunikation\u00a0f\u00f6r dig och ditt f\u00f6retag.\" \/>\n<meta property=\"og:url\" content=\"https:\/\/www.entergislaved.se\/en\/kalender\/forenkla-vardagen-kring-gdpr-och-kommunikation\/\" \/>\n<meta property=\"og:site_name\" content=\"Enter Gislaved\" \/>\n<meta name=\"twitter:card\" content=\"summary_large_image\" \/>\n<meta name=\"twitter:label1\" content=\"Est. reading time\" \/>\n\t<meta name=\"twitter:data1\" content=\"1 minute\" \/>\n<script type=\"application\/ld+json\" class=\"yoast-schema-graph\">{\"@context\":\"https:\\\/\\\/schema.org\",\"@graph\":[{\"@type\":\"WebPage\",\"@id\":\"https:\\\/\\\/www.entergislaved.se\\\/en\\\/kalender\\\/forenkla-vardagen-kring-gdpr-och-kommunikation\\\/\",\"url\":\"https:\\\/\\\/www.entergislaved.se\\\/en\\\/kalender\\\/forenkla-vardagen-kring-gdpr-och-kommunikation\\\/\",\"name\":\"F\u00f6renkla vardagen kring GDPR och kommunikation - Enter Gislaved\",\"isPartOf\":{\"@id\":\"https:\\\/\\\/www.entergislaved.se\\\/en\\\/#website\"},\"datePublished\":\"2018-11-16T12:09:45+00:00\",\"description\":\"Tr\u00e4ffa fyra f\u00f6retag \u00f6ver en frukost och h\u00f6r hur deras produkter och tj\u00e4nster kan f\u00f6renkla vardagen kring\u00a0GDPR och kommunikation\u00a0f\u00f6r dig och ditt f\u00f6retag.\",\"breadcrumb\":{\"@id\":\"https:\\\/\\\/www.entergislaved.se\\\/en\\\/kalender\\\/forenkla-vardagen-kring-gdpr-och-kommunikation\\\/#breadcrumb\"},\"inLanguage\":\"en-US\",\"potentialAction\":[{\"@type\":\"ReadAction\",\"target\":[\"https:\\\/\\\/www.entergislaved.se\\\/en\\\/kalender\\\/forenkla-vardagen-kring-gdpr-och-kommunikation\\\/\"]}]},{\"@type\":\"BreadcrumbList\",\"@id\":\"https:\\\/\\\/www.entergislaved.se\\\/en\\\/kalender\\\/forenkla-vardagen-kring-gdpr-och-kommunikation\\\/#breadcrumb\",\"itemListElement\":[{\"@type\":\"ListItem\",\"position\":1,\"name\":\"Kalender\",\"item\":\"https:\\\/\\\/www.entergislaved.se\\\/en\\\/arkiv-kalender\\\/\"},{\"@type\":\"ListItem\",\"position\":2,\"name\":\"F\u00f6renkla vardagen kring GDPR och kommunikation\"}]},{\"@type\":\"WebSite\",\"@id\":\"https:\\\/\\\/www.entergislaved.se\\\/en\\\/#website\",\"url\":\"https:\\\/\\\/www.entergislaved.se\\\/en\\\/\",\"name\":\"Enter Gislaved\",\"description\":\"Till din tj\u00e4nst\",\"potentialAction\":[{\"@type\":\"SearchAction\",\"target\":{\"@type\":\"EntryPoint\",\"urlTemplate\":\"https:\\\/\\\/www.entergislaved.se\\\/en\\\/?s={search_term_string}\"},\"query-input\":{\"@type\":\"PropertyValueSpecification\",\"valueRequired\":true,\"valueName\":\"search_term_string\"}}],\"inLanguage\":\"en-US\"}]}<\/script>\n<!-- \/ Yoast SEO plugin. -->","yoast_head_json":{"title":"F\u00f6renkla vardagen kring GDPR och kommunikation - Enter Gislaved","description":"Tr\u00e4ffa fyra f\u00f6retag \u00f6ver en frukost och h\u00f6r hur deras produkter och tj\u00e4nster kan f\u00f6renkla vardagen kring\u00a0GDPR och kommunikation\u00a0f\u00f6r dig och ditt f\u00f6retag.","robots":{"index":"index","follow":"follow","max-snippet":"max-snippet:-1","max-image-preview":"max-image-preview:large","max-video-preview":"max-video-preview:-1"},"canonical":"https:\/\/www.entergislaved.se\/en\/kalender\/forenkla-vardagen-kring-gdpr-och-kommunikation\/","og_locale":"en_US","og_type":"article","og_title":"F\u00f6renkla vardagen kring GDPR och kommunikation - Enter Gislaved","og_description":"Tr\u00e4ffa fyra f\u00f6retag \u00f6ver en frukost och h\u00f6r hur deras produkter och tj\u00e4nster kan f\u00f6renkla vardagen kring\u00a0GDPR och kommunikation\u00a0f\u00f6r dig och ditt f\u00f6retag.","og_url":"https:\/\/www.entergislaved.se\/en\/kalender\/forenkla-vardagen-kring-gdpr-och-kommunikation\/","og_site_name":"Enter Gislaved","twitter_card":"summary_large_image","twitter_misc":{"Est. reading time":"1 minute"},"schema":{"@context":"https:\/\/schema.org","@graph":[{"@type":"WebPage","@id":"https:\/\/www.entergislaved.se\/en\/kalender\/forenkla-vardagen-kring-gdpr-och-kommunikation\/","url":"https:\/\/www.entergislaved.se\/en\/kalender\/forenkla-vardagen-kring-gdpr-och-kommunikation\/","name":"F\u00f6renkla vardagen kring GDPR och kommunikation - Enter Gislaved","isPartOf":{"@id":"https:\/\/www.entergislaved.se\/en\/#website"},"datePublished":"2018-11-16T12:09:45+00:00","description":"Tr\u00e4ffa fyra f\u00f6retag \u00f6ver en frukost och h\u00f6r hur deras produkter och tj\u00e4nster kan f\u00f6renkla vardagen kring\u00a0GDPR och kommunikation\u00a0f\u00f6r dig och ditt f\u00f6retag.","breadcrumb":{"@id":"https:\/\/www.entergislaved.se\/en\/kalender\/forenkla-vardagen-kring-gdpr-och-kommunikation\/#breadcrumb"},"inLanguage":"en-US","potentialAction":[{"@type":"ReadAction","target":["https:\/\/www.entergislaved.se\/en\/kalender\/forenkla-vardagen-kring-gdpr-och-kommunikation\/"]}]},{"@type":"BreadcrumbList","@id":"https:\/\/www.entergislaved.se\/en\/kalender\/forenkla-vardagen-kring-gdpr-och-kommunikation\/#breadcrumb","itemListElement":[{"@type":"ListItem","position":1,"name":"Kalender","item":"https:\/\/www.entergislaved.se\/en\/arkiv-kalender\/"},{"@type":"ListItem","position":2,"name":"F\u00f6renkla vardagen kring GDPR och kommunikation"}]},{"@type":"WebSite","@id":"https:\/\/www.entergislaved.se\/en\/#website","url":"https:\/\/www.entergislaved.se\/en\/","name":"Enter Gislaved","description":"Till din tj\u00e4nst","potentialAction":[{"@type":"SearchAction","target":{"@type":"EntryPoint","urlTemplate":"https:\/\/www.entergislaved.se\/en\/?s={search_term_string}"},"query-input":{"@type":"PropertyValueSpecification","valueRequired":true,"valueName":"search_term_string"}}],"inLanguage":"en-US"}]}},"_links":{"self":[{"href":"https:\/\/www.entergislaved.se\/en\/wp-json\/wp\/v2\/kalender\/937","targetHints":{"allow":["GET"]}}],"collection":[{"href":"https:\/\/www.entergislaved.se\/en\/wp-json\/wp\/v2\/kalender"}],"about":[{"href":"https:\/\/www.entergislaved.se\/en\/wp-json\/wp\/v2\/types\/kalender"}],"wp:attachment":[{"href":"https:\/\/www.entergislaved.se\/en\/wp-json\/wp\/v2\/media?parent=937"}],"curies":[{"name":"wp","href":"https:\/\/api.w.org\/{rel}","templated":true}]}}